{"id":975,"date":"2022-05-23T06:27:11","date_gmt":"2022-05-23T06:27:11","guid":{"rendered":"https:\/\/www.agriturismoleterredigu.it\/camere\/la-val\/"},"modified":"2024-04-18T15:08:33","modified_gmt":"2024-04-18T15:08:33","slug":"la-val","status":"publish","type":"portfolio","link":"https:\/\/www.agriturismoleterredigu.it\/de\/zimmer\/la-val\/","title":{"rendered":"La Val"},"content":{"rendered":"\n<p>La Val ist der Name des n\u00f6rdlichen Gebietes des Dorfes und liegt unterhalb des historischen Teils von Pranzo, der terrassierten Felder und W\u00e4lder. La Val \u00fcberragt den Bach, der das Tal teilt.<\/p>\n\n\n\n<p>La Val ist ein Dreibettzimmer mit Doppelbett, Doppelschlafsofa und Panoramaterrasse und bietet einen herrlichen Blick \u00fcber das Tal mit der Burg und den Bergen von Tenno.<\/p>\n\n\n\n<p>Die warmen Farben des L\u00e4rchenbodens unterst\u00fctzen den rustikalen Bergstil und die sanften Farben und einfachen Linien der Holzm\u00f6bel betonen die antike Struktur des Geb\u00e4udes.<\/p>\n\n\n\n<p>Das Zimmer La Val ist ausgestattet mit Kleiderschrank-Garderobe, Schreibtisch, Schlafsofa, TV-Flachbildschirm und Steckdose in Bettn\u00e4he. Das gro\u00dfe Badezimmer verf\u00fcgt \u00fcber WC, gro\u00dfe Dusche, Duschgel, Handt\u00fccher und Haartrockner.<\/p>\n\n\n\n<p>Am Morgen erwartet Dich ein energiereiches und gesundes Fr\u00fchst\u00fccksbuffet mit saisonalen Produkten von unserem Bauernhof oder aus der Region.<\/p>\n\n\n<div class=\"pgc-sgb-cb wp-block-pgcsimplygalleryblock-slider  bg-verde\" data-gallery-id=\"e4986806\"style=&quot;min-height:600px&quot;><div class=\"sgb-preloader\" id=\"pr_e4986806\">\n\t<div class=\"sgb-square\" style=\"background:#d4d4d4\"><\/div>\n\t<div class=\"sgb-square\" style=\"background:#d4d4d4\"><\/div>\n\t<div class=\"sgb-square\" style=\"background:#d4d4d4\"><\/div>\n\t<div class=\"sgb-square\" style=\"background:#d4d4d4\"><\/div><\/div><div class=\"simply-gallery-amp pgc_sgb_slider \" style=\"display: none;\"><div class=\"sgb-gallery\"><div class=\"sgb-item\"><a href=\"https:\/\/www.agriturismoleterredigu.it\/de\/zimmer\/la-val\/la-val-camera-con-balcone-agriturismo-le-terre-di-gu-pranzo-lago-di-tenno-2\/\" target=\"_blank\"><img decoding=\"async\" alt=\"La Val - camera con balcone - Agriturismo Le Terre di GU - Pranzo - Lago di Tenno\" width=\"300\" height=\"200\" loading=\"lazy\" src=\"https:\/\/www.agriturismoleterredigu.it\/wp-content\/uploads\/2022\/05\/La-Val-camera-con-balcone-Agriturismo-Le-Terre-di-GU-Pranzo-Lago-di-Tenno-300x200.jpg\" srcset=\"https:\/\/www.agriturismoleterredigu.it\/wp-content\/uploads\/2022\/05\/La-Val-camera-con-balcone-Agriturismo-Le-Terre-di-GU-Pranzo-Lago-di-Tenno-300x200.jpg 300w,https:\/\/www.agriturismoleterredigu.it\/wp-content\/uploads\/2022\/05\/La-Val-camera-con-balcone-Agriturismo-Le-Terre-di-GU-Pranzo-Lago-di-Tenno-1024x683.jpg 1024w,https:\/\/www.agriturismoleterredigu.it\/wp-content\/uploads\/2022\/05\/La-Val-camera-con-balcone-Agriturismo-Le-Terre-di-GU-Pranzo-Lago-di-Tenno.jpg 1692w\" sizes=\"auto, 250px\"\/><\/a><\/div><div class=\"sgb-item\"><a href=\"https:\/\/www.agriturismoleterredigu.it\/de\/zimmer\/la-val\/agriturismo-le-terre-di-gu-camera-tripla-vista-montagne-laval-2\/\" target=\"_blank\"><img decoding=\"async\" alt=\"Agriturismo Le Terre di GU - Loc. Pranzo\" width=\"300\" height=\"200\" loading=\"lazy\" src=\"https:\/\/www.agriturismoleterredigu.it\/wp-content\/uploads\/2022\/05\/agriturismo-le-terre-di-gu-camera-tripla-vista-montagne-laval-300x200.jpg\" srcset=\"https:\/\/www.agriturismoleterredigu.it\/wp-content\/uploads\/2022\/05\/agriturismo-le-terre-di-gu-camera-tripla-vista-montagne-laval-300x200.jpg 300w,https:\/\/www.agriturismoleterredigu.it\/wp-content\/uploads\/2022\/05\/agriturismo-le-terre-di-gu-camera-tripla-vista-montagne-laval-1024x683.jpg 1024w,https:\/\/www.agriturismoleterredigu.it\/wp-content\/uploads\/2022\/05\/agriturismo-le-terre-di-gu-camera-tripla-vista-montagne-laval.jpg 1600w\" sizes=\"auto, 250px\"\/><\/a><\/div><div class=\"sgb-item\"><a href=\"https:\/\/www.agriturismoleterredigu.it\/de\/zimmer\/la-val\/agriturismo-le-terre-di-gu-camera-tripla-laval-con-balcone-vista-valle-2\/\" target=\"_blank\"><img decoding=\"async\" alt=\"Agriturismo Le Terre di GU - Loc. Pranzo - Camera tripla con letto matrimoniale La Val\" width=\"300\" height=\"200\" loading=\"lazy\" src=\"https:\/\/www.agriturismoleterredigu.it\/wp-content\/uploads\/2022\/05\/agriturismo-le-terre-di-gu-camera-tripla-laval-con-balcone-vista-valle-300x200.jpg\" srcset=\"https:\/\/www.agriturismoleterredigu.it\/wp-content\/uploads\/2022\/05\/agriturismo-le-terre-di-gu-camera-tripla-laval-con-balcone-vista-valle-300x200.jpg 300w,https:\/\/www.agriturismoleterredigu.it\/wp-content\/uploads\/2022\/05\/agriturismo-le-terre-di-gu-camera-tripla-laval-con-balcone-vista-valle-1024x683.jpg 1024w,https:\/\/www.agriturismoleterredigu.it\/wp-content\/uploads\/2022\/05\/agriturismo-le-terre-di-gu-camera-tripla-laval-con-balcone-vista-valle.jpg 1600w\" sizes=\"auto, 250px\"\/><\/a><\/div><div class=\"sgb-item\"><a href=\"https:\/\/www.agriturismoleterredigu.it\/de\/zimmer\/la-val\/agriturismo-le-terre-di-gu-camera-tripla-letto-matrimoniale-laval-2\/\" target=\"_blank\"><img decoding=\"async\" alt=\"Agriturismo Le Terre di GU - Loc. Pranzo - Camera tripla con letto matrimoniale La Val\" width=\"300\" height=\"200\" loading=\"lazy\" src=\"https:\/\/www.agriturismoleterredigu.it\/wp-content\/uploads\/2022\/05\/agriturismo-le-terre-di-gu-camera-tripla-letto-matrimoniale-laval-300x200.jpg\" srcset=\"https:\/\/www.agriturismoleterredigu.it\/wp-content\/uploads\/2022\/05\/agriturismo-le-terre-di-gu-camera-tripla-letto-matrimoniale-laval-300x200.jpg 300w,https:\/\/www.agriturismoleterredigu.it\/wp-content\/uploads\/2022\/05\/agriturismo-le-terre-di-gu-camera-tripla-letto-matrimoniale-laval-1024x683.jpg 1024w,https:\/\/www.agriturismoleterredigu.it\/wp-content\/uploads\/2022\/05\/agriturismo-le-terre-di-gu-camera-tripla-letto-matrimoniale-laval.jpg 1600w\" sizes=\"auto, 250px\"\/><\/a><\/div><div class=\"sgb-item\"><a href=\"https:\/\/www.agriturismoleterredigu.it\/de\/zimmer\/la-val\/agriturismo-le-terre-di-gu-camera-tripla-laval-bagno-con-grande-doccia-2\/\" target=\"_blank\"><img decoding=\"async\" alt=\"Agriturismo Le Terre di GU - Loc. Pranzo - Camera tripla La Val - Bagno con grande doccia\" width=\"300\" height=\"200\" loading=\"lazy\" src=\"https:\/\/www.agriturismoleterredigu.it\/wp-content\/uploads\/2022\/05\/agriturismo-le-terre-di-gu-camera-tripla-laval-bagno-con-grande-doccia-300x200.jpg\" srcset=\"https:\/\/www.agriturismoleterredigu.it\/wp-content\/uploads\/2022\/05\/agriturismo-le-terre-di-gu-camera-tripla-laval-bagno-con-grande-doccia-300x200.jpg 300w,https:\/\/www.agriturismoleterredigu.it\/wp-content\/uploads\/2022\/05\/agriturismo-le-terre-di-gu-camera-tripla-laval-bagno-con-grande-doccia-1024x683.jpg 1024w,https:\/\/www.agriturismoleterredigu.it\/wp-content\/uploads\/2022\/05\/agriturismo-le-terre-di-gu-camera-tripla-laval-bagno-con-grande-doccia.jpg 1600w\" sizes=\"auto, 250px\"\/><\/a><\/div><div class=\"sgb-item\"><a href=\"https:\/\/www.agriturismoleterredigu.it\/de\/zimmer\/la-val\/agriturismo-le-terre-di-gu-camera-tripla-la-val-colazione-2\/\" target=\"_blank\"><img decoding=\"async\" alt=\"Agriturismo Le Terre di GU - Loc. Pranzo - Colazione\" width=\"300\" height=\"200\" loading=\"lazy\" src=\"https:\/\/www.agriturismoleterredigu.it\/wp-content\/uploads\/2022\/05\/agriturismo-le-terre-di-gu-camera-tripla-la-val-colazione-300x200.jpg\" srcset=\"https:\/\/www.agriturismoleterredigu.it\/wp-content\/uploads\/2022\/05\/agriturismo-le-terre-di-gu-camera-tripla-la-val-colazione-300x200.jpg 300w,https:\/\/www.agriturismoleterredigu.it\/wp-content\/uploads\/2022\/05\/agriturismo-le-terre-di-gu-camera-tripla-la-val-colazione-1024x683.jpg 1024w,https:\/\/www.agriturismoleterredigu.it\/wp-content\/uploads\/2022\/05\/agriturismo-le-terre-di-gu-camera-tripla-la-val-colazione.jpg 1600w\" sizes=\"auto, 250px\"\/><\/a><\/div><div class=\"sgb-item\"><a href=\"https:\/\/www.agriturismoleterredigu.it\/de\/zimmer\/la-val\/agriturismo-le-terre-di-gu-colazione-salumi-trentini-2\/\" target=\"_blank\"><img decoding=\"async\" alt=\"Agriturismo Le Terre di GU - Loc. Pranzo - Colazione\" width=\"300\" height=\"200\" loading=\"lazy\" src=\"https:\/\/www.agriturismoleterredigu.it\/wp-content\/uploads\/2022\/05\/agriturismo-le-terre-di-gu-colazione-salumi-trentini-300x200.jpg\" srcset=\"https:\/\/www.agriturismoleterredigu.it\/wp-content\/uploads\/2022\/05\/agriturismo-le-terre-di-gu-colazione-salumi-trentini-300x200.jpg 300w,https:\/\/www.agriturismoleterredigu.it\/wp-content\/uploads\/2022\/05\/agriturismo-le-terre-di-gu-colazione-salumi-trentini-1024x683.jpg 1024w,https:\/\/www.agriturismoleterredigu.it\/wp-content\/uploads\/2022\/05\/agriturismo-le-terre-di-gu-colazione-salumi-trentini.jpg 1600w\" sizes=\"auto, 250px\"\/><\/a><\/div><div class=\"sgb-item\"><a href=\"https:\/\/www.agriturismoleterredigu.it\/de\/zimmer\/albi\/noleggio-rent-e-bike-agriturismo-le-terre-di-gu-pranzo-tenno-2\/\" target=\"_blank\"><img decoding=\"async\" alt=\"Noleggio-Rent e-bike - Agriturismo Le Terre di GU - Pranzo Tenno\" width=\"300\" height=\"200\" loading=\"lazy\" src=\"https:\/\/www.agriturismoleterredigu.it\/wp-content\/uploads\/2022\/05\/noleggio-rent-e-bike-agriturismo-le-terre-di-gu-pranzo-tenno-300x200.jpg\" srcset=\"https:\/\/www.agriturismoleterredigu.it\/wp-content\/uploads\/2022\/05\/noleggio-rent-e-bike-agriturismo-le-terre-di-gu-pranzo-tenno-300x200.jpg 300w,https:\/\/www.agriturismoleterredigu.it\/wp-content\/uploads\/2022\/05\/noleggio-rent-e-bike-agriturismo-le-terre-di-gu-pranzo-tenno-1024x683.jpg 1024w,https:\/\/www.agriturismoleterredigu.it\/wp-content\/uploads\/2022\/05\/noleggio-rent-e-bike-agriturismo-le-terre-di-gu-pranzo-tenno.jpg 1600w\" sizes=\"auto, 250px\"\/><\/a><\/div><\/div><\/div><script type=\"application\/json\" class=\"sgb-data\">{\"thumbSpacing\":0,\"collectionThumbSubMenuDownload\":false,\"collectionThumbSubMenuShare\":false,\"sliderMaxHeight\":600,\"sliderAdminWidth\":840,\"collectionColumns\":1,\"sliderNextPrevBgColor\":\"rgba(255,255,255,0)\",\"sliderNextPrevBgColorHover\":\"rgba(255,255,255,0.09)\",\"sliderNextPrevIconColor\":\"rgba(255,255,255,1)\",\"sliderThumbsNavi\":false,\"sliderDotNavi\":true,\"sliderDotNaviBgColor\":\"rgba(255,255,255,0.53)\",\"galleryType\":\"pgc_sgb_slider\",\"galleryId\":\"e4986806\",\"images\":[{\"id\":1272,\"title\":\"La Val - camera con balcone - Agriturismo Le Terre di GU - Pranzo - Lago di Tenno\",\"url\":\"https:\/\/www.agriturismoleterredigu.it\/wp-content\/uploads\/2022\/05\/La-Val-camera-con-balcone-Agriturismo-Le-Terre-di-GU-Pranzo-Lago-di-Tenno.jpg\",\"link\":\"https:\/\/www.agriturismoleterredigu.it\/de\/zimmer\/la-val\/la-val-camera-con-balcone-agriturismo-le-terre-di-gu-pranzo-lago-di-tenno-2\/\",\"alt\":\"La Val - camera con balcone - Agriturismo Le Terre di GU - Pranzo - Lago di Tenno\",\"description\":\"\",\"caption\":\"\",\"mime\":\"image\/jpeg\",\"type\":\"image\",\"width\":1692,\"height\":1128,\"sizes\":{\"thumbnail\":{\"height\":150,\"width\":150,\"url\":\"https:\/\/www.agriturismoleterredigu.it\/wp-content\/uploads\/2022\/05\/La-Val-camera-con-balcone-Agriturismo-Le-Terre-di-GU-Pranzo-Lago-di-Tenno-150x150.jpg\",\"orientation\":\"landscape\"},\"medium\":{\"height\":200,\"width\":300,\"url\":\"https:\/\/www.agriturismoleterredigu.it\/wp-content\/uploads\/2022\/05\/La-Val-camera-con-balcone-Agriturismo-Le-Terre-di-GU-Pranzo-Lago-di-Tenno-300x200.jpg\",\"orientation\":\"landscape\"},\"large\":{\"height\":683,\"width\":1024,\"url\":\"https:\/\/www.agriturismoleterredigu.it\/wp-content\/uploads\/2022\/05\/La-Val-camera-con-balcone-Agriturismo-Le-Terre-di-GU-Pranzo-Lago-di-Tenno-1024x683.jpg\",\"orientation\":\"landscape\"},\"full\":{\"url\":\"https:\/\/www.agriturismoleterredigu.it\/wp-content\/uploads\/2022\/05\/La-Val-camera-con-balcone-Agriturismo-Le-Terre-di-GU-Pranzo-Lago-di-Tenno.jpg\",\"height\":1128,\"width\":1692,\"orientation\":\"landscape\"}},\"imageMeta\":{\"aperture\":\"0\",\"credit\":\"\",\"camera\":\"\",\"caption\":\"\",\"created_timestamp\":\"0\",\"copyright\":\"\u00a9Matteo Bridarolli\",\"focal_length\":\"0\",\"iso\":\"0\",\"shutter_speed\":\"0\",\"title\":\"\",\"orientation\":\"0\",\"keywords\":[]},\"meta\":false,\"postlink\":\"https:\/\/www.agriturismoleterredigu.it\/de\/zimmer\/la-val\/la-val-camera-con-balcone-agriturismo-le-terre-di-gu-pranzo-lago-di-tenno-2\/\"},{\"id\":706,\"title\":\"agriturismo-le-terre-di-gu-camera-tripla-vista-montagne-laval\",\"url\":\"https:\/\/www.agriturismoleterredigu.it\/wp-content\/uploads\/2022\/05\/agriturismo-le-terre-di-gu-camera-tripla-vista-montagne-laval.jpg\",\"link\":\"https:\/\/www.agriturismoleterredigu.it\/de\/zimmer\/la-val\/agriturismo-le-terre-di-gu-camera-tripla-vista-montagne-laval-2\/\",\"alt\":\"Agriturismo Le Terre di GU - Loc. Pranzo\",\"description\":\"\",\"caption\":\"\",\"mime\":\"image\/jpeg\",\"type\":\"image\",\"width\":1600,\"height\":1067,\"sizes\":{\"thumbnail\":{\"height\":150,\"width\":150,\"url\":\"https:\/\/www.agriturismoleterredigu.it\/wp-content\/uploads\/2022\/05\/agriturismo-le-terre-di-gu-camera-tripla-vista-montagne-laval-150x150.jpg\",\"orientation\":\"landscape\"},\"medium\":{\"height\":200,\"width\":300,\"url\":\"https:\/\/www.agriturismoleterredigu.it\/wp-content\/uploads\/2022\/05\/agriturismo-le-terre-di-gu-camera-tripla-vista-montagne-laval-300x200.jpg\",\"orientation\":\"landscape\"},\"large\":{\"height\":683,\"width\":1024,\"url\":\"https:\/\/www.agriturismoleterredigu.it\/wp-content\/uploads\/2022\/05\/agriturismo-le-terre-di-gu-camera-tripla-vista-montagne-laval-1024x683.jpg\",\"orientation\":\"landscape\"},\"full\":{\"url\":\"https:\/\/www.agriturismoleterredigu.it\/wp-content\/uploads\/2022\/05\/agriturismo-le-terre-di-gu-camera-tripla-vista-montagne-laval.jpg\",\"height\":1067,\"width\":1600,\"orientation\":\"landscape\"}},\"imageMeta\":{\"aperture\":\"0\",\"credit\":\"\",\"camera\":\"\",\"caption\":\"\",\"created_timestamp\":\"0\",\"copyright\":\"\u00a9Matteo Bridarolli\",\"focal_length\":\"0\",\"iso\":\"0\",\"shutter_speed\":\"0\",\"title\":\"\",\"orientation\":\"0\",\"keywords\":[]},\"meta\":false,\"postlink\":\"https:\/\/www.agriturismoleterredigu.it\/de\/zimmer\/la-val\/agriturismo-le-terre-di-gu-camera-tripla-vista-montagne-laval-2\/\"},{\"id\":700,\"title\":\"agriturismo-le-terre-di-gu-camera-tripla-laval-con-balcone-vista-valle\",\"url\":\"https:\/\/www.agriturismoleterredigu.it\/wp-content\/uploads\/2022\/05\/agriturismo-le-terre-di-gu-camera-tripla-laval-con-balcone-vista-valle.jpg\",\"link\":\"https:\/\/www.agriturismoleterredigu.it\/de\/zimmer\/la-val\/agriturismo-le-terre-di-gu-camera-tripla-laval-con-balcone-vista-valle-2\/\",\"alt\":\"Agriturismo Le Terre di GU - Loc. Pranzo - Camera tripla con letto matrimoniale La Val\",\"description\":\"\",\"caption\":\"\",\"mime\":\"image\/jpeg\",\"type\":\"image\",\"width\":1600,\"height\":1067,\"sizes\":{\"thumbnail\":{\"height\":150,\"width\":150,\"url\":\"https:\/\/www.agriturismoleterredigu.it\/wp-content\/uploads\/2022\/05\/agriturismo-le-terre-di-gu-camera-tripla-laval-con-balcone-vista-valle-150x150.jpg\",\"orientation\":\"landscape\"},\"medium\":{\"height\":200,\"width\":300,\"url\":\"https:\/\/www.agriturismoleterredigu.it\/wp-content\/uploads\/2022\/05\/agriturismo-le-terre-di-gu-camera-tripla-laval-con-balcone-vista-valle-300x200.jpg\",\"orientation\":\"landscape\"},\"large\":{\"height\":683,\"width\":1024,\"url\":\"https:\/\/www.agriturismoleterredigu.it\/wp-content\/uploads\/2022\/05\/agriturismo-le-terre-di-gu-camera-tripla-laval-con-balcone-vista-valle-1024x683.jpg\",\"orientation\":\"landscape\"},\"full\":{\"url\":\"https:\/\/www.agriturismoleterredigu.it\/wp-content\/uploads\/2022\/05\/agriturismo-le-terre-di-gu-camera-tripla-laval-con-balcone-vista-valle.jpg\",\"height\":1067,\"width\":1600,\"orientation\":\"landscape\"}},\"imageMeta\":{\"aperture\":\"0\",\"credit\":\"\",\"camera\":\"\",\"caption\":\"\",\"created_timestamp\":\"0\",\"copyright\":\"\u00a9Matteo Bridarolli\",\"focal_length\":\"0\",\"iso\":\"0\",\"shutter_speed\":\"0\",\"title\":\"\",\"orientation\":\"0\",\"keywords\":[]},\"meta\":false,\"postlink\":\"https:\/\/www.agriturismoleterredigu.it\/de\/zimmer\/la-val\/agriturismo-le-terre-di-gu-camera-tripla-laval-con-balcone-vista-valle-2\/\"},{\"id\":703,\"title\":\"agriturismo-le-terre-di-gu-camera-tripla-letto-matrimoniale-laval\",\"url\":\"https:\/\/www.agriturismoleterredigu.it\/wp-content\/uploads\/2022\/05\/agriturismo-le-terre-di-gu-camera-tripla-letto-matrimoniale-laval.jpg\",\"link\":\"https:\/\/www.agriturismoleterredigu.it\/de\/zimmer\/la-val\/agriturismo-le-terre-di-gu-camera-tripla-letto-matrimoniale-laval-2\/\",\"alt\":\"Agriturismo Le Terre di GU - Loc. Pranzo - Camera tripla con letto matrimoniale La Val\",\"description\":\"\",\"caption\":\"\",\"mime\":\"image\/jpeg\",\"type\":\"image\",\"width\":1600,\"height\":1067,\"sizes\":{\"thumbnail\":{\"height\":150,\"width\":150,\"url\":\"https:\/\/www.agriturismoleterredigu.it\/wp-content\/uploads\/2022\/05\/agriturismo-le-terre-di-gu-camera-tripla-letto-matrimoniale-laval-150x150.jpg\",\"orientation\":\"landscape\"},\"medium\":{\"height\":200,\"width\":300,\"url\":\"https:\/\/www.agriturismoleterredigu.it\/wp-content\/uploads\/2022\/05\/agriturismo-le-terre-di-gu-camera-tripla-letto-matrimoniale-laval-300x200.jpg\",\"orientation\":\"landscape\"},\"large\":{\"height\":683,\"width\":1024,\"url\":\"https:\/\/www.agriturismoleterredigu.it\/wp-content\/uploads\/2022\/05\/agriturismo-le-terre-di-gu-camera-tripla-letto-matrimoniale-laval-1024x683.jpg\",\"orientation\":\"landscape\"},\"full\":{\"url\":\"https:\/\/www.agriturismoleterredigu.it\/wp-content\/uploads\/2022\/05\/agriturismo-le-terre-di-gu-camera-tripla-letto-matrimoniale-laval.jpg\",\"height\":1067,\"width\":1600,\"orientation\":\"landscape\"}},\"imageMeta\":{\"aperture\":\"0\",\"credit\":\"\",\"camera\":\"\",\"caption\":\"\",\"created_timestamp\":\"0\",\"copyright\":\"\u00a9Matteo Bridarolli\",\"focal_length\":\"0\",\"iso\":\"0\",\"shutter_speed\":\"0\",\"title\":\"\",\"orientation\":\"0\",\"keywords\":[]},\"meta\":false,\"postlink\":\"https:\/\/www.agriturismoleterredigu.it\/de\/zimmer\/la-val\/agriturismo-le-terre-di-gu-camera-tripla-letto-matrimoniale-laval-2\/\"},{\"id\":697,\"title\":\"agriturismo-le-terre-di-gu-camera-tripla-laval-bagno-con-grande-doccia\",\"url\":\"https:\/\/www.agriturismoleterredigu.it\/wp-content\/uploads\/2022\/05\/agriturismo-le-terre-di-gu-camera-tripla-laval-bagno-con-grande-doccia.jpg\",\"link\":\"https:\/\/www.agriturismoleterredigu.it\/de\/zimmer\/la-val\/agriturismo-le-terre-di-gu-camera-tripla-laval-bagno-con-grande-doccia-2\/\",\"alt\":\"Agriturismo Le Terre di GU - Loc. Pranzo - Camera tripla La Val - Bagno con grande doccia\",\"description\":\"\",\"caption\":\"\",\"mime\":\"image\/jpeg\",\"type\":\"image\",\"width\":1600,\"height\":1067,\"sizes\":{\"thumbnail\":{\"height\":150,\"width\":150,\"url\":\"https:\/\/www.agriturismoleterredigu.it\/wp-content\/uploads\/2022\/05\/agriturismo-le-terre-di-gu-camera-tripla-laval-bagno-con-grande-doccia-150x150.jpg\",\"orientation\":\"landscape\"},\"medium\":{\"height\":200,\"width\":300,\"url\":\"https:\/\/www.agriturismoleterredigu.it\/wp-content\/uploads\/2022\/05\/agriturismo-le-terre-di-gu-camera-tripla-laval-bagno-con-grande-doccia-300x200.jpg\",\"orientation\":\"landscape\"},\"large\":{\"height\":683,\"width\":1024,\"url\":\"https:\/\/www.agriturismoleterredigu.it\/wp-content\/uploads\/2022\/05\/agriturismo-le-terre-di-gu-camera-tripla-laval-bagno-con-grande-doccia-1024x683.jpg\",\"orientation\":\"landscape\"},\"full\":{\"url\":\"https:\/\/www.agriturismoleterredigu.it\/wp-content\/uploads\/2022\/05\/agriturismo-le-terre-di-gu-camera-tripla-laval-bagno-con-grande-doccia.jpg\",\"height\":1067,\"width\":1600,\"orientation\":\"landscape\"}},\"imageMeta\":{\"aperture\":\"0\",\"credit\":\"\",\"camera\":\"\",\"caption\":\"\",\"created_timestamp\":\"0\",\"copyright\":\"www.bridarolli.com\",\"focal_length\":\"0\",\"iso\":\"0\",\"shutter_speed\":\"0\",\"title\":\"\",\"orientation\":\"0\",\"keywords\":[]},\"meta\":false,\"postlink\":\"https:\/\/www.agriturismoleterredigu.it\/de\/zimmer\/la-val\/agriturismo-le-terre-di-gu-camera-tripla-laval-bagno-con-grande-doccia-2\/\"},{\"id\":728,\"title\":\"agriturismo-le-terre-di-gu-camera-tripla-la-val-colazione\",\"url\":\"https:\/\/www.agriturismoleterredigu.it\/wp-content\/uploads\/2022\/05\/agriturismo-le-terre-di-gu-camera-tripla-la-val-colazione.jpg\",\"link\":\"https:\/\/www.agriturismoleterredigu.it\/de\/zimmer\/la-val\/agriturismo-le-terre-di-gu-camera-tripla-la-val-colazione-2\/\",\"alt\":\"Agriturismo Le Terre di GU - Loc. Pranzo - Colazione\",\"description\":\"\",\"caption\":\"\",\"mime\":\"image\/jpeg\",\"type\":\"image\",\"width\":1600,\"height\":1067,\"sizes\":{\"thumbnail\":{\"height\":150,\"width\":150,\"url\":\"https:\/\/www.agriturismoleterredigu.it\/wp-content\/uploads\/2022\/05\/agriturismo-le-terre-di-gu-camera-tripla-la-val-colazione-150x150.jpg\",\"orientation\":\"landscape\"},\"medium\":{\"height\":200,\"width\":300,\"url\":\"https:\/\/www.agriturismoleterredigu.it\/wp-content\/uploads\/2022\/05\/agriturismo-le-terre-di-gu-camera-tripla-la-val-colazione-300x200.jpg\",\"orientation\":\"landscape\"},\"large\":{\"height\":683,\"width\":1024,\"url\":\"https:\/\/www.agriturismoleterredigu.it\/wp-content\/uploads\/2022\/05\/agriturismo-le-terre-di-gu-camera-tripla-la-val-colazione-1024x683.jpg\",\"orientation\":\"landscape\"},\"full\":{\"url\":\"https:\/\/www.agriturismoleterredigu.it\/wp-content\/uploads\/2022\/05\/agriturismo-le-terre-di-gu-camera-tripla-la-val-colazione.jpg\",\"height\":1067,\"width\":1600,\"orientation\":\"landscape\"}},\"imageMeta\":{\"aperture\":\"0\",\"credit\":\"\",\"camera\":\"\",\"caption\":\"\",\"created_timestamp\":\"0\",\"copyright\":\"\u00a9Matteo Bridarolli\",\"focal_length\":\"0\",\"iso\":\"0\",\"shutter_speed\":\"0\",\"title\":\"\",\"orientation\":\"0\",\"keywords\":[]},\"meta\":false,\"postlink\":\"https:\/\/www.agriturismoleterredigu.it\/de\/zimmer\/la-val\/agriturismo-le-terre-di-gu-camera-tripla-la-val-colazione-2\/\"},{\"id\":756,\"title\":\"agriturismo-le-terre-di-gu-colazione-salumi-trentini\",\"url\":\"https:\/\/www.agriturismoleterredigu.it\/wp-content\/uploads\/2022\/05\/agriturismo-le-terre-di-gu-colazione-salumi-trentini.jpg\",\"link\":\"https:\/\/www.agriturismoleterredigu.it\/de\/zimmer\/la-val\/agriturismo-le-terre-di-gu-colazione-salumi-trentini-2\/\",\"alt\":\"Agriturismo Le Terre di GU - Loc. Pranzo - Colazione\",\"description\":\"\",\"caption\":\"\",\"mime\":\"image\/jpeg\",\"type\":\"image\",\"width\":1600,\"height\":1067,\"sizes\":{\"thumbnail\":{\"height\":150,\"width\":150,\"url\":\"https:\/\/www.agriturismoleterredigu.it\/wp-content\/uploads\/2022\/05\/agriturismo-le-terre-di-gu-colazione-salumi-trentini-150x150.jpg\",\"orientation\":\"landscape\"},\"medium\":{\"height\":200,\"width\":300,\"url\":\"https:\/\/www.agriturismoleterredigu.it\/wp-content\/uploads\/2022\/05\/agriturismo-le-terre-di-gu-colazione-salumi-trentini-300x200.jpg\",\"orientation\":\"landscape\"},\"large\":{\"height\":683,\"width\":1024,\"url\":\"https:\/\/www.agriturismoleterredigu.it\/wp-content\/uploads\/2022\/05\/agriturismo-le-terre-di-gu-colazione-salumi-trentini-1024x683.jpg\",\"orientation\":\"landscape\"},\"full\":{\"url\":\"https:\/\/www.agriturismoleterredigu.it\/wp-content\/uploads\/2022\/05\/agriturismo-le-terre-di-gu-colazione-salumi-trentini.jpg\",\"height\":1067,\"width\":1600,\"orientation\":\"landscape\"}},\"imageMeta\":{\"aperture\":\"0\",\"credit\":\"\",\"camera\":\"\",\"caption\":\"\",\"created_timestamp\":\"0\",\"copyright\":\"\u00a9Matteo Bridarolli\",\"focal_length\":\"0\",\"iso\":\"0\",\"shutter_speed\":\"0\",\"title\":\"\",\"orientation\":\"0\",\"keywords\":[]},\"meta\":false,\"postlink\":\"https:\/\/www.agriturismoleterredigu.it\/de\/zimmer\/la-val\/agriturismo-le-terre-di-gu-colazione-salumi-trentini-2\/\"},{\"id\":1904,\"title\":\"noleggio-rent-e-bike-agriturismo-le-terre-di-gu-pranzo-tenno\",\"url\":\"https:\/\/www.agriturismoleterredigu.it\/wp-content\/uploads\/2022\/05\/noleggio-rent-e-bike-agriturismo-le-terre-di-gu-pranzo-tenno.jpg\",\"link\":\"https:\/\/www.agriturismoleterredigu.it\/de\/zimmer\/albi\/noleggio-rent-e-bike-agriturismo-le-terre-di-gu-pranzo-tenno-2\/\",\"alt\":\"Noleggio-Rent e-bike - Agriturismo Le Terre di GU - Pranzo Tenno\",\"description\":\"\",\"caption\":\"\",\"mime\":\"image\/jpeg\",\"type\":\"image\",\"width\":1600,\"height\":1067,\"sizes\":{\"thumbnail\":{\"height\":150,\"width\":150,\"url\":\"https:\/\/www.agriturismoleterredigu.it\/wp-content\/uploads\/2022\/05\/noleggio-rent-e-bike-agriturismo-le-terre-di-gu-pranzo-tenno-150x150.jpg\",\"orientation\":\"landscape\"},\"medium\":{\"height\":200,\"width\":300,\"url\":\"https:\/\/www.agriturismoleterredigu.it\/wp-content\/uploads\/2022\/05\/noleggio-rent-e-bike-agriturismo-le-terre-di-gu-pranzo-tenno-300x200.jpg\",\"orientation\":\"landscape\"},\"large\":{\"height\":683,\"width\":1024,\"url\":\"https:\/\/www.agriturismoleterredigu.it\/wp-content\/uploads\/2022\/05\/noleggio-rent-e-bike-agriturismo-le-terre-di-gu-pranzo-tenno-1024x683.jpg\",\"orientation\":\"landscape\"},\"full\":{\"url\":\"https:\/\/www.agriturismoleterredigu.it\/wp-content\/uploads\/2022\/05\/noleggio-rent-e-bike-agriturismo-le-terre-di-gu-pranzo-tenno.jpg\",\"height\":1067,\"width\":1600,\"orientation\":\"landscape\"}},\"imageMeta\":{\"aperture\":\"0\",\"credit\":\"\",\"camera\":\"\",\"caption\":\"\",\"created_timestamp\":\"0\",\"copyright\":\"\",\"focal_length\":\"0\",\"iso\":\"0\",\"shutter_speed\":\"0\",\"title\":\"\",\"orientation\":\"0\",\"keywords\":[]},\"meta\":false,\"postlink\":\"https:\/\/www.agriturismoleterredigu.it\/de\/zimmer\/albi\/noleggio-rent-e-bike-agriturismo-le-terre-di-gu-pranzo-tenno-2\/\"}],\"itemsMetaDataCollection\":[],\"galleryData\":\"{\\u0022collectionThumbRecomendedWidth\\u0022:200,\\u0022thumbSpacing\\u0022:0,\\u0022thumbMobileSpacing\\u0022:5,\\u0022externalLink\\u0022:true,\\u0022externalLinkDefName\\u0022:\\u0022Read More\\u0022,\\u0022externalLinkTextColor\\u0022:\\u0022rgba(0,0,0,1)\\u0022,\\u0022externalLinkBgColor\\u0022:\\u0022rgba(255,255,255,1)\\u0022,\\u0022externalLinkFontSize\\u0022:18,\\u0022captions\\u0022:true,\\u0022captionSrc\\u0022:\\u0022caption\\u0022,\\u0022captionHAlign\\u0022:\\u0022top\\u0022,\\u0022collectionthumbHoverTitleFontSize\\u0022:18,\\u0022collectionthumbRoundedCorners\\u0022:0,\\u0022collectionthumbHoverTitleTextColor\\u0022:\\u0022rgba(255,255,255,1)\\u0022,\\u0022collectionthumbHoverTitleTextBgColor\\u0022:\\u0022rgba(0,0,0,0.8)\\u0022,\\u0022collectionthumbHoverBgColor\\u0022:\\u0022rgba(0,0,0,0.4)\\u0022,\\u0022collectionThumbSubMenuDownload\\u0022:false,\\u0022collectionThumbSubMenuShare\\u0022:false,\\u0022collectionThumbSubMenuBgColor\\u0022:\\u0022rgba(0,0,0,0.4)\\u0022,\\u0022collectionThumbSubMenuBgColorHover\\u0022:\\u0022rgba(255,255,255,1)\\u0022,\\u0022collectionThumbSubMenuIconColor\\u0022:\\u0022rgba(255,255,255,1)\\u0022,\\u0022collectionThumbSubMenuIconColorHover\\u0022:\\u0022rgba(0,0,0,1)\\u0022,\\u0022collectionthumbColorsFilter\\u0022:\\u0022none\\u0022,\\u0022sliderItemBgColor\\u0022:\\u0022rgba(0,0,0,0)\\u0022,\\u0022sliderItemBorderColor\\u0022:\\u0022rgba(255,255,255,1)\\u0022,\\u0022sliderItemBorderWidth\\u0022:0,\\u0022sliderItemFill\\u0022:\\u0022true\\u0022,\\u0022sliderMaxHeight\\u0022:600,\\u0022sliderAdminWidth\\u0022:840,\\u0022responsiveHeight\\u0022:false,\\u0022collectionColumns\\u0022:1,\\u0022sliderAnimation\\u0022:\\u0022animation\\u0022,\\u0022sliderNextPrevNavigation\\u0022:true,\\u0022sliderNextPrevBgColor\\u0022:\\u0022rgba(255,255,255,0)\\u0022,\\u0022sliderNextPrevBgColorHover\\u0022:\\u0022rgba(255,255,255,0.09)\\u0022,\\u0022sliderNextPrevIconColor\\u0022:\\u0022rgba(255,255,255,1)\\u0022,\\u0022sliderNextPrevIconColorHover\\u0022:\\u0022rgba(255,255,255,1)\\u0022,\\u0022sliderThumbsNavi\\u0022:false,\\u0022sliderThumbsNaviColor\\u0022:\\u0022rgba(255,255,255,1)\\u0022,\\u0022sliderDotNavi\\u0022:true,\\u0022sliderDotNaviBgColor\\u0022:\\u0022rgba(255,255,255,0.53)\\u0022,\\u0022sliderDotNaviBgColorHover\\u0022:\\u0022rgba(255,255,255,1)\\u0022,\\u0022autoPlay\\u0022:false,\\u0022autoPlayDelay\\u0022:4,\\u0022autoPlayMouseStoper\\u0022:true,\\u0022settingsModalIsOpen\\u0022:false,\\u0022galleryType\\u0022:\\u0022pgc_sgb_slider\\u0022,\\u0022align\\u0022:\\u0022\\u0022,\\u0022galleryId\\u0022:\\u0022e4986806\\u0022,\\u0022tagsListCustomMode\\u0022:false,\\u0022initGalleryByFirstTag\\u0022:false,\\u0022deepLinkingForTag\\u0022:false,\\u0022galleryTagsList\\u0022:[],\\u0022useClobalSettings\\u0022:true,\\u0022orderBy\\u0022:\\u0022custom\\u0022,\\u0022deepLinking\\u0022:false,\\u0022useLightbox\\u0022:true,\\u0022thumbClickAction\\u0022:\\u0022useLightbox\\u0022,\\u0022numItemsDisplayed\\u0022:0,\\u0022lazyLoading\\u0022:true,\\u0022contentNoPadding\\u0022:false,\\u0022galleryPreloaderColor\\u0022:\\u0022rgba(230,230,230,1)\\u0022,\\u0022galleryBgColor\\u0022:\\u0022rgba(0,0,0,0)\\u0022,\\u0022galleryBorderRadius\\u0022:0,\\u0022customCSS\\u0022:\\u0022\\u0022,\\u0022tagsFilter\\u0022:false,\\u0022tagCloudAll\\u0022:\\u0022All\\u0022,\\u0022tagCloudBgColor\\u0022:\\u0022rgba(153,153,153,1)\\u0022,\\u0022tagCloudBgColorOver\\u0022:\\u0022rgba(253,253,253,1)\\u0022,\\u0022tagCloudTextColor\\u0022:\\u0022rgba(253,253,253,1)\\u0022,\\u0022tagCloudTextColorOver\\u0022:\\u0022rgba(153,153,153,1)\\u0022,\\u0022tagCloudFontSize\\u0022:16,\\u0022modaBgColor\\u0022:\\u0022rgba(0,0,0,0.8)\\u0022,\\u0022modalIconColor\\u0022:\\u0022rgba(255,255,255,1)\\u0022,\\u0022modalIconColorHover\\u0022:\\u0022rgba(255,255,255,0.8)\\u0022,\\u0022shareFacebook\\u0022:true,\\u0022shareTwitter\\u0022:true,\\u0022sharePinterest\\u0022:true,\\u0022sliderItemDownload\\u0022:true,\\u0022shareCopyLink\\u0022:true,\\u0022sharePost\\u0022:\\u0022sharelink\\u0022,\\u0022copyRProtection\\u0022:false,\\u0022copyRAlert\\u0022:\\u0022Hello, this photo is mine!\\u0022,\\u0022sliderScrollNavi\\u0022:false,\\u0022sliderFullSizeViewMode\\u0022:false,\\u0022sliderNextPrevAnimation\\u0022:\\u0022animation\\u0022,\\u0022galleryScrollPositionControll\\u0022:false,\\u0022sliderVideoAutoPlay\\u0022:false,\\u0022sliderTryPlayNext\\u0022:false,\\u0022sliderVideoLoop\\u0022:false,\\u0022sliderItemCounterEnable\\u0022:true,\\u0022sliderCaptionSrc\\u0022:\\u0022caption\\u0022,\\u0022sliderItemTitleEnable\\u0022:false,\\u0022sliderItemTitleFontSize\\u0022:18,\\u0022sliderItemTitleTextColor\\u0022:\\u0022rgba(255,255,255,1)\\u0022,\\u0022itemCounterColor\\u0022:\\u0022rgba(255,255,255,1)\\u0022,\\u0022sliderThumbBarEnable\\u0022:true,\\u0022sliderThumbBarHoverColor\\u0022:\\u0022rgba(240,240,240,1)\\u0022,\\u0022sliderBgColor\\u0022:\\u0022rgba(0,0,0,0.8)\\u0022,\\u0022sliderPreloaderColor\\u0022:\\u0022rgba(240,240,240,1)\\u0022,\\u0022sliderHeaderFooterBgColor\\u0022:\\u0022rgba(0,0,0,0.4)\\u0022,\\u0022sliderNavigationColor\\u0022:\\u0022rgba(0,0,0,1)\\u0022,\\u0022sliderNavigationColorOver\\u0022:\\u0022rgba(255,255,255,1)\\u0022,\\u0022sliderNavigationIconColor\\u0022:\\u0022rgba(255,255,255,1)\\u0022,\\u0022sliderNavigationIconColorOver\\u0022:\\u0022rgba(0,0,0,1)\\u0022,\\u0022sliderSlideshow\\u0022:true,\\u0022sliderSlideshowDelay\\u0022:8,\\u0022slideshowIndicatorColor\\u0022:\\u0022rgba(255,255,255,1)\\u0022,\\u0022slideshowIndicatorColorBg\\u0022:\\u0022rgba(255,255,255,0.5)\\u0022,\\u0022sliderThumbSubMenuBackgroundColor\\u0022:\\u0022rgba(255,255,255,0)\\u0022,\\u0022sliderThumbSubMenuBackgroundColorOver\\u0022:\\u0022rgba(255,255,255,1)\\u0022,\\u0022sliderThumbSubMenuIconColor\\u0022:\\u0022rgba(255,255,255,1)\\u0022,\\u0022sliderThumbSubMenuIconHoverColor\\u0022:\\u0022rgba(0,0,0,1)\\u0022,\\u0022sliderSocialShareEnabled\\u0022:true,\\u0022sliderZoomEnable\\u0022:true,\\u0022sliderFullscreenEnabled\\u0022:true,\\u0022className\\u0022:\\u0022bg-verde\\u0022,\\u0022skin\\u0022:\\u0022slider\\u0022}\",\"useClobalSettings\":true,\"className\":\"bg-verde\"}<\/script><script>(function(){if(window.PGC_SGB && window.PGC_SGB.searcher){window.PGC_SGB.searcher.initBlocks()}})()<\/script><\/div>","protected":false},"excerpt":{"rendered":"<p>La Val ist der Name des n\u00f6rdlichen Gebietes des Dorfes und liegt unterhalb des historischen Teils von Pranzo, der terrassierten<\/p>\n","protected":false},"featured_media":693,"comment_status":"open","ping_status":"closed","template":"","class_list":["post-975","portfolio","type-portfolio","status-publish","has-post-thumbnail","hentry"],"acf":[],"yoast_head":"<!-- This site is optimized with the Yoast SEO plugin v26.1.1 - https:\/\/yoast.com\/wordpress\/plugins\/seo\/ -->\n<title>La Val - Agriturismo Le Terre di GU<\/title>\n<meta name=\"robots\" content=\"index, follow, max-snippet:-1, max-image-preview:large, max-video-preview:-1\" \/>\n<link rel=\"canonical\" href=\"https:\/\/www.agriturismoleterredigu.it\/de\/zimmer\/la-val\/\" \/>\n<meta property=\"og:locale\" content=\"de_DE\" \/>\n<meta property=\"og:type\" content=\"article\" \/>\n<meta property=\"og:title\" content=\"La Val - Agriturismo Le Terre di GU\" \/>\n<meta property=\"og:description\" content=\"La Val ist der Name des n\u00f6rdlichen Gebietes des Dorfes und liegt unterhalb des historischen Teils von Pranzo, der terrassierten\" \/>\n<meta property=\"og:url\" content=\"https:\/\/www.agriturismoleterredigu.it\/de\/zimmer\/la-val\/\" \/>\n<meta property=\"og:site_name\" content=\"Agriturismo Le Terre di GU\" \/>\n<meta property=\"article:publisher\" content=\"https:\/\/www.facebook.com\/Leterredigu\" \/>\n<meta property=\"article:modified_time\" content=\"2024-04-18T15:08:33+00:00\" \/>\n<meta property=\"og:image\" content=\"https:\/\/www.agriturismoleterredigu.it\/wp-content\/uploads\/2022\/05\/agriturismo-le-terre-di-gu-camera-tripla-laval.jpg\" \/>\n\t<meta property=\"og:image:width\" content=\"1692\" \/>\n\t<meta property=\"og:image:height\" content=\"1128\" \/>\n\t<meta property=\"og:image:type\" content=\"image\/jpeg\" \/>\n<meta name=\"twitter:card\" content=\"summary_large_image\" \/>\n<meta name=\"twitter:label1\" content=\"Gesch\u00e4tzte Lesezeit\" \/>\n\t<meta name=\"twitter:data1\" content=\"3\u00a0Minuten\" \/>\n<script type=\"application\/ld+json\" class=\"yoast-schema-graph\">{\"@context\":\"https:\/\/schema.org\",\"@graph\":[{\"@type\":\"WebPage\",\"@id\":\"https:\/\/www.agriturismoleterredigu.it\/de\/zimmer\/la-val\/\",\"url\":\"https:\/\/www.agriturismoleterredigu.it\/de\/zimmer\/la-val\/\",\"name\":\"La Val - Agriturismo Le Terre di GU\",\"isPartOf\":{\"@id\":\"https:\/\/www.agriturismoleterredigu.it\/#website\"},\"primaryImageOfPage\":{\"@id\":\"https:\/\/www.agriturismoleterredigu.it\/de\/zimmer\/la-val\/#primaryimage\"},\"image\":{\"@id\":\"https:\/\/www.agriturismoleterredigu.it\/de\/zimmer\/la-val\/#primaryimage\"},\"thumbnailUrl\":\"https:\/\/www.agriturismoleterredigu.it\/wp-content\/uploads\/2022\/05\/agriturismo-le-terre-di-gu-camera-tripla-laval.jpg\",\"datePublished\":\"2022-05-23T06:27:11+00:00\",\"dateModified\":\"2024-04-18T15:08:33+00:00\",\"breadcrumb\":{\"@id\":\"https:\/\/www.agriturismoleterredigu.it\/de\/zimmer\/la-val\/#breadcrumb\"},\"inLanguage\":\"de\",\"potentialAction\":[{\"@type\":\"ReadAction\",\"target\":[\"https:\/\/www.agriturismoleterredigu.it\/de\/zimmer\/la-val\/\"]}]},{\"@type\":\"ImageObject\",\"inLanguage\":\"de\",\"@id\":\"https:\/\/www.agriturismoleterredigu.it\/de\/zimmer\/la-val\/#primaryimage\",\"url\":\"https:\/\/www.agriturismoleterredigu.it\/wp-content\/uploads\/2022\/05\/agriturismo-le-terre-di-gu-camera-tripla-laval.jpg\",\"contentUrl\":\"https:\/\/www.agriturismoleterredigu.it\/wp-content\/uploads\/2022\/05\/agriturismo-le-terre-di-gu-camera-tripla-laval.jpg\",\"width\":1692,\"height\":1128,\"caption\":\"Agriturismo Le Terre di GU - Loc. Pranzo\"},{\"@type\":\"BreadcrumbList\",\"@id\":\"https:\/\/www.agriturismoleterredigu.it\/de\/zimmer\/la-val\/#breadcrumb\",\"itemListElement\":[{\"@type\":\"ListItem\",\"position\":1,\"name\":\"Home\",\"item\":\"https:\/\/www.agriturismoleterredigu.it\/de\/\"},{\"@type\":\"ListItem\",\"position\":2,\"name\":\"Portfolio\",\"item\":\"https:\/\/www.agriturismoleterredigu.it\/camere\/\"},{\"@type\":\"ListItem\",\"position\":3,\"name\":\"La Val\"}]},{\"@type\":\"WebSite\",\"@id\":\"https:\/\/www.agriturismoleterredigu.it\/#website\",\"url\":\"https:\/\/www.agriturismoleterredigu.it\/\",\"name\":\"Agriturismo Le Terre di GU\",\"description\":\"Azienda agricola biologica, etica e sostenibile\",\"publisher\":{\"@id\":\"https:\/\/www.agriturismoleterredigu.it\/#organization\"},\"potentialAction\":[{\"@type\":\"SearchAction\",\"target\":{\"@type\":\"EntryPoint\",\"urlTemplate\":\"https:\/\/www.agriturismoleterredigu.it\/?s={search_term_string}\"},\"query-input\":{\"@type\":\"PropertyValueSpecification\",\"valueRequired\":true,\"valueName\":\"search_term_string\"}}],\"inLanguage\":\"de\"},{\"@type\":\"Organization\",\"@id\":\"https:\/\/www.agriturismoleterredigu.it\/#organization\",\"name\":\"Agriturismo Terre di GU\",\"url\":\"https:\/\/www.agriturismoleterredigu.it\/\",\"logo\":{\"@type\":\"ImageObject\",\"inLanguage\":\"de\",\"@id\":\"https:\/\/www.agriturismoleterredigu.it\/#\/schema\/logo\/image\/\",\"url\":\"https:\/\/www.agriturismoleterredigu.it\/wp-content\/uploads\/2022\/05\/terre-di-gu-logo.svg\",\"contentUrl\":\"https:\/\/www.agriturismoleterredigu.it\/wp-content\/uploads\/2022\/05\/terre-di-gu-logo.svg\",\"width\":200,\"height\":200,\"caption\":\"Agriturismo Terre di GU\"},\"image\":{\"@id\":\"https:\/\/www.agriturismoleterredigu.it\/#\/schema\/logo\/image\/\"},\"sameAs\":[\"https:\/\/www.facebook.com\/Leterredigu\",\"https:\/\/www.instagram.com\/leterredigu\/\"]}]}<\/script>\n<!-- \/ Yoast SEO plugin. -->","yoast_head_json":{"title":"La Val - Agriturismo Le Terre di GU","robots":{"index":"index","follow":"follow","max-snippet":"max-snippet:-1","max-image-preview":"max-image-preview:large","max-video-preview":"max-video-preview:-1"},"canonical":"https:\/\/www.agriturismoleterredigu.it\/de\/zimmer\/la-val\/","og_locale":"de_DE","og_type":"article","og_title":"La Val - Agriturismo Le Terre di GU","og_description":"La Val ist der Name des n\u00f6rdlichen Gebietes des Dorfes und liegt unterhalb des historischen Teils von Pranzo, der terrassierten","og_url":"https:\/\/www.agriturismoleterredigu.it\/de\/zimmer\/la-val\/","og_site_name":"Agriturismo Le Terre di GU","article_publisher":"https:\/\/www.facebook.com\/Leterredigu","article_modified_time":"2024-04-18T15:08:33+00:00","og_image":[{"width":1692,"height":1128,"url":"https:\/\/www.agriturismoleterredigu.it\/wp-content\/uploads\/2022\/05\/agriturismo-le-terre-di-gu-camera-tripla-laval.jpg","type":"image\/jpeg"}],"twitter_card":"summary_large_image","twitter_misc":{"Gesch\u00e4tzte Lesezeit":"3\u00a0Minuten"},"schema":{"@context":"https:\/\/schema.org","@graph":[{"@type":"WebPage","@id":"https:\/\/www.agriturismoleterredigu.it\/de\/zimmer\/la-val\/","url":"https:\/\/www.agriturismoleterredigu.it\/de\/zimmer\/la-val\/","name":"La Val - Agriturismo Le Terre di GU","isPartOf":{"@id":"https:\/\/www.agriturismoleterredigu.it\/#website"},"primaryImageOfPage":{"@id":"https:\/\/www.agriturismoleterredigu.it\/de\/zimmer\/la-val\/#primaryimage"},"image":{"@id":"https:\/\/www.agriturismoleterredigu.it\/de\/zimmer\/la-val\/#primaryimage"},"thumbnailUrl":"https:\/\/www.agriturismoleterredigu.it\/wp-content\/uploads\/2022\/05\/agriturismo-le-terre-di-gu-camera-tripla-laval.jpg","datePublished":"2022-05-23T06:27:11+00:00","dateModified":"2024-04-18T15:08:33+00:00","breadcrumb":{"@id":"https:\/\/www.agriturismoleterredigu.it\/de\/zimmer\/la-val\/#breadcrumb"},"inLanguage":"de","potentialAction":[{"@type":"ReadAction","target":["https:\/\/www.agriturismoleterredigu.it\/de\/zimmer\/la-val\/"]}]},{"@type":"ImageObject","inLanguage":"de","@id":"https:\/\/www.agriturismoleterredigu.it\/de\/zimmer\/la-val\/#primaryimage","url":"https:\/\/www.agriturismoleterredigu.it\/wp-content\/uploads\/2022\/05\/agriturismo-le-terre-di-gu-camera-tripla-laval.jpg","contentUrl":"https:\/\/www.agriturismoleterredigu.it\/wp-content\/uploads\/2022\/05\/agriturismo-le-terre-di-gu-camera-tripla-laval.jpg","width":1692,"height":1128,"caption":"Agriturismo Le Terre di GU - Loc. Pranzo"},{"@type":"BreadcrumbList","@id":"https:\/\/www.agriturismoleterredigu.it\/de\/zimmer\/la-val\/#breadcrumb","itemListElement":[{"@type":"ListItem","position":1,"name":"Home","item":"https:\/\/www.agriturismoleterredigu.it\/de\/"},{"@type":"ListItem","position":2,"name":"Portfolio","item":"https:\/\/www.agriturismoleterredigu.it\/camere\/"},{"@type":"ListItem","position":3,"name":"La Val"}]},{"@type":"WebSite","@id":"https:\/\/www.agriturismoleterredigu.it\/#website","url":"https:\/\/www.agriturismoleterredigu.it\/","name":"Agriturismo Le Terre di GU","description":"Azienda agricola biologica, etica e sostenibile","publisher":{"@id":"https:\/\/www.agriturismoleterredigu.it\/#organization"},"potentialAction":[{"@type":"SearchAction","target":{"@type":"EntryPoint","urlTemplate":"https:\/\/www.agriturismoleterredigu.it\/?s={search_term_string}"},"query-input":{"@type":"PropertyValueSpecification","valueRequired":true,"valueName":"search_term_string"}}],"inLanguage":"de"},{"@type":"Organization","@id":"https:\/\/www.agriturismoleterredigu.it\/#organization","name":"Agriturismo Terre di GU","url":"https:\/\/www.agriturismoleterredigu.it\/","logo":{"@type":"ImageObject","inLanguage":"de","@id":"https:\/\/www.agriturismoleterredigu.it\/#\/schema\/logo\/image\/","url":"https:\/\/www.agriturismoleterredigu.it\/wp-content\/uploads\/2022\/05\/terre-di-gu-logo.svg","contentUrl":"https:\/\/www.agriturismoleterredigu.it\/wp-content\/uploads\/2022\/05\/terre-di-gu-logo.svg","width":200,"height":200,"caption":"Agriturismo Terre di GU"},"image":{"@id":"https:\/\/www.agriturismoleterredigu.it\/#\/schema\/logo\/image\/"},"sameAs":["https:\/\/www.facebook.com\/Leterredigu","https:\/\/www.instagram.com\/leterredigu\/"]}]}},"_links":{"self":[{"href":"https:\/\/www.agriturismoleterredigu.it\/de\/wp-json\/wp\/v2\/portfolio\/975","targetHints":{"allow":["GET"]}}],"collection":[{"href":"https:\/\/www.agriturismoleterredigu.it\/de\/wp-json\/wp\/v2\/portfolio"}],"about":[{"href":"https:\/\/www.agriturismoleterredigu.it\/de\/wp-json\/wp\/v2\/types\/portfolio"}],"replies":[{"embeddable":true,"href":"https:\/\/www.agriturismoleterredigu.it\/de\/wp-json\/wp\/v2\/comments?post=975"}],"wp:featuredmedia":[{"embeddable":true,"href":"https:\/\/www.agriturismoleterredigu.it\/de\/wp-json\/wp\/v2\/media\/693"}],"wp:attachment":[{"href":"https:\/\/www.agriturismoleterredigu.it\/de\/wp-json\/wp\/v2\/media?parent=975"}],"curies":[{"name":"wp","href":"https:\/\/api.w.org\/{rel}","templated":true}]}}